{"id":43,"date":"2025-05-01T11:03:07","date_gmt":"2025-05-01T11:03:07","guid":{"rendered":"https:\/\/rrb.be\/rrb\/?page_id=43"},"modified":"2026-04-28T08:58:24","modified_gmt":"2026-04-28T08:58:24","slug":"bienvenue-sur-le-site-de-alain-schenkels","status":"publish","type":"page","link":"https:\/\/rrb.be\/rrb\/bienvenue-sur-le-site-de-alain-schenkels\/","title":{"rendered":"Pr\u00e9sentation du site de Alain Schenkels"},"content":{"rendered":"\n<p>Ma bio : <a href=\"https:\/\/rrb.be\/rrb\/resume-de-mon-parcours-professionnel-et-politique\/\">cliquez ICI<\/a><\/p>\n\n\n\n<p>Bienvenue !<\/p>\n\n\n\n<p>J\u2019explore le monde contemporain \u2014 ses actualit\u00e9s, ses convulsions politiques, ses fractures sociales, ses conflits anciens ou pr\u00e9sents \u2014 non par go\u00fbt du tumulte, mais pour en comprendre les ressorts profonds. L\u2019\u00e9criture est ici mon moyen de penser le monde autrement\u202f: un espace o\u00f9 l\u2019analyse devient r\u00e9flexion, o\u00f9 les faits cherchent leur sens. \u00c0 travers mes articles et mes dossiers, je tente d\u2019\u00e9clairer cette \u00e9poque incertaine, de saisir ce qui se joue derri\u00e8re l\u2019apparente confusion des \u00e9v\u00e9nements.<\/p>\n\n\n\n<p>Les guerres, pass\u00e9es comme actuelles, occupent une place singuli\u00e8re dans ce travail. Non pour en exalter la violence ni en nourrir la fascination, mais pour en mesurer la port\u00e9e humaine et morale. La guerre r\u00e9v\u00e8le toujours quelque chose de notre condition, sa compr\u00e9hension est une exigence, car refuser de la regarder, c\u2019est se condamner \u00e0 l\u2019ignorer lorsqu\u2019elle revient frapper \u00e0 nos portes. La Belgique, comme le reste du monde, n\u2019est pas \u00e0 l\u2019\u00e9cart des secousses de l\u2019histoire\u202f; s\u2019y pr\u00e9parer, c\u2019est d\u00e9j\u00e0 tenter de les comprendre.<\/p>\n\n\n\n<p>Je n\u2019ai pas la pr\u00e9tention de d\u00e9tenir la v\u00e9rit\u00e9. J\u2019\u00e9cris avec mes convictions, mes doutes, mes erreurs parfois \u2014 mais avec honn\u00eatet\u00e9. Se taire par confort serait trahir l\u2019esprit m\u00eame de la r\u00e9flexion. Je pr\u00e9f\u00e8re l\u2019expression franche \u00e0 la neutralit\u00e9 prudente, le d\u00e9saccord \u00e0 l\u2019approbation vide. \u00catre sinc\u00e8re dans mes id\u00e9es, c\u2019est d\u00e9j\u00e0 refuser la complaisance.<\/p>\n\n\n\n<p>Je pr\u00e9f\u00e8re le risque d\u2019affronter des opposants, voir m\u00eame \u00e0 me faire des ennemis, \u00e0 celui de plaire pour de mauvaises raisons. Penser librement, c\u2019est peut-\u00eatre l\u00e0 le dernier courage qui nous reste.<\/p>\n\n\n\n<p><strong><a href=\"https:\/\/www.21news.be\/author\/alainschenkels\/\" target=\"_blank\" rel=\"noreferrer noopener\">Voir aussi mes cartes blanches et chroniques publi\u00e9es dans le m\u00e9dia 21News.<\/a><\/strong><\/p>\n\n\n\n<p>J\u2019esp\u00e8re que vous y trouverez de quoi susciter votre curiosit\u00e9, nourrir votre pens\u00e9e ou simplement partager un moment d\u2019int\u00e9r\u00eat commun. <\/p>\n\n\n\n<blockquote class=\"wp-block-quote is-layout-flow wp-block-quote-is-layout-flow\">\n<p><em>\u00c9crire, c\u2019est refuser le silence.<\/em><\/p>\n<\/blockquote>\n\n\n\n<p>Merci de votre visite, et \u00e0 tr\u00e8s bient\u00f4t.<br>Alain Schenkels<\/p>\n\n\n\n<figure class=\"wp-block-image size-full is-resized\"><img loading=\"lazy\" decoding=\"async\" width=\"395\" height=\"632\" src=\"http:\/\/rrb.be\/rrb\/wp-content\/uploads\/2025\/09\/Alain-Schenkels-Profil.png\" alt=\"\" class=\"wp-image-1907\" style=\"width:164px;height:auto\" srcset=\"https:\/\/rrb.be\/rrb\/wp-content\/uploads\/2025\/09\/Alain-Schenkels-Profil.png 395w, https:\/\/rrb.be\/rrb\/wp-content\/uploads\/2025\/09\/Alain-Schenkels-Profil-188x300.png 188w\" sizes=\"auto, (max-width: 395px) 100vw, 395px\" \/><\/figure>\n\n\n\n<hr class=\"wp-block-separator has-alpha-channel-opacity\"\/>\n\n\n\n<blockquote class=\"wp-block-quote is-layout-flow wp-block-quote-is-layout-flow\">\n<p>Mis en ligne en janvier 2026, de nombreuses rubriques doivent \u00eatre compl\u00e9t\u00e9es.<\/p>\n<\/blockquote>\n\n\n\n<p>Cat\u00e9gorie(s) :<\/p>\n\n\n\n\n\n<p><\/p>\n","protected":false},"excerpt":{"rendered":"<p>Ma bio : cliquez ICI Bienvenue ! J\u2019explore le monde contemporain \u2014 ses actualit\u00e9s, ses convulsions politiques, ses fractures sociales, ses conflits anciens ou pr\u00e9sents \u2014 non par go\u00fbt du tumulte, mais pour en comprendre les ressorts profonds. L\u2019\u00e9criture est ici mon moyen de penser le monde autrement\u202f: un espace o\u00f9 l\u2019analyse devient r\u00e9flexion, o\u00f9 [&hellip;]<\/p>\n","protected":false},"author":1,"featured_media":94,"parent":0,"menu_order":0,"comment_status":"closed","ping_status":"closed","template":"","meta":{"footnotes":""},"categories":[],"tags":[],"class_list":["post-43","page","type-page","status-publish","has-post-thumbnail","hentry"],"_links":{"self":[{"href":"https:\/\/rrb.be\/rrb\/wp-json\/wp\/v2\/pages\/43","targetHints":{"allow":["GET"]}}],"collection":[{"href":"https:\/\/rrb.be\/rrb\/wp-json\/wp\/v2\/pages"}],"about":[{"href":"https:\/\/rrb.be\/rrb\/wp-json\/wp\/v2\/types\/page"}],"author":[{"embeddable":true,"href":"https:\/\/rrb.be\/rrb\/wp-json\/wp\/v2\/users\/1"}],"replies":[{"embeddable":true,"href":"https:\/\/rrb.be\/rrb\/wp-json\/wp\/v2\/comments?post=43"}],"version-history":[{"count":58,"href":"https:\/\/rrb.be\/rrb\/wp-json\/wp\/v2\/pages\/43\/revisions"}],"predecessor-version":[{"id":3715,"href":"https:\/\/rrb.be\/rrb\/wp-json\/wp\/v2\/pages\/43\/revisions\/3715"}],"wp:featuredmedia":[{"embeddable":true,"href":"https:\/\/rrb.be\/rrb\/wp-json\/wp\/v2\/media\/94"}],"wp:attachment":[{"href":"https:\/\/rrb.be\/rrb\/wp-json\/wp\/v2\/media?parent=43"}],"wp:term":[{"taxonomy":"category","embeddable":true,"href":"https:\/\/rrb.be\/rrb\/wp-json\/wp\/v2\/categories?post=43"},{"taxonomy":"post_tag","embeddable":true,"href":"https:\/\/rrb.be\/rrb\/wp-json\/wp\/v2\/tags?post=43"}],"curies":[{"name":"wp","href":"https:\/\/api.w.org\/{rel}","templated":true}]}}