{"id":3286,"date":"2025-12-04T17:46:48","date_gmt":"2025-12-04T17:46:48","guid":{"rendered":"https:\/\/rrb.be\/rrb\/?p=3286"},"modified":"2026-04-28T11:23:38","modified_gmt":"2026-04-28T11:23:38","slug":"histoire-resumee-de-la-guerre-dafghanistan-2001-2021","status":"publish","type":"page","link":"https:\/\/rrb.be\/rrb\/histoire-resumee-de-la-guerre-dafghanistan-2001-2021\/","title":{"rendered":"Histoire r\u00e9sum\u00e9e de la guerre d\u2019Afghanistan (2001\u20132021)"},"content":{"rendered":"\n<p><strong>Cette guerre, qui co\u00fbta la vie \u00e0 73\u202f000 soldats alli\u00e9s, aboutit finalement \u00e0 l\u2019abandon de la lutte contre le terrorisme et au retour au pouvoir des Talibans.<\/strong><\/p>\n\n\n\n<p>L\u2019offensive anglo-am\u00e9ricaine d\u00e9bute le&nbsp;<strong>7 octobre 2001<\/strong>&nbsp;par une s\u00e9rie de bombardements a\u00e9riens et de tirs de missiles de croisi\u00e8re, tandis que des troupes des forces sp\u00e9ciales am\u00e9ricaines entrent en contact avec les unit\u00e9s de l\u2019Alliance du Nord \u00e0 partir du&nbsp;<strong>19 octobre<\/strong>&nbsp;(pr\u00e9c\u00e9d\u00e9es par des \u00e9quipes de la CIA d\u00e8s le&nbsp;<strong>27 septembre<\/strong>).<\/p>\n\n\n\n<p>La campagne de l\u2019automne 2001 inaugure la&nbsp;<strong>guerre d\u2019Afghanistan (2001\u20132021)<\/strong>. Les \u00c9tats-Unis y obtiennent d\u2019embl\u00e9e un succ\u00e8s militaire\u202f: l\u2019op\u00e9ration a\u00e9roport\u00e9e entra\u00eene le renversement du r\u00e9gime taliban et la destruction des bases d\u2019Al-Qa\u00efda, jug\u00e9e responsable des attentats du 11\u202fseptembre\u202f2001.<\/p>\n\n\n\n<p>L\u2019offensive, men\u00e9e d\u00e8s le 7\u202foctobre, repose sur des bombardements massifs (notamment par des B-1 et B-52) et des tirs de missiles Tomahawk. Ces frappes visent \u00e0 \u00e9liminer les faibles d\u00e9fenses antia\u00e9riennes talibanes et leurs moyens de communication. Parall\u00e8lement, les forces sp\u00e9ciales am\u00e9ricaines entrent en liaison avec l\u2019Alliance du Nord \u00e0 partir du 15\u202foctobre afin de guider les frappes a\u00e9riennes sur les positions ennemies.<\/p>\n\n\n\n<p>Face \u00e0 cette guerre technologique, les Talibans, peu pr\u00e9par\u00e9s et mal camoufl\u00e9s, deviennent des cibles faciles. Leurs positions, d\u00e9sign\u00e9es par des faisceaux laser \u00e0 plusieurs kilom\u00e8tres de distance, sont rapidement d\u00e9truites. Cette phase de pr\u00e9paration a\u00e9rienne s\u2019\u00e9tend du 7\u202foctobre \u00e0 d\u00e9but novembre. \u00c0 cette date seulement, les Talibans parviennent \u00e0 mieux se dissimuler, \u00e0 disperser leurs d\u00e9fenses et \u00e0 s\u2019adapter.<\/p>\n\n\n\n<p>Malgr\u00e9 leurs efforts, les pertes d\u2019octobre sont lourdes. Si leur r\u00e9sistance r\u00e9duit quelque peu l\u2019efficacit\u00e9 des frappes am\u00e9ricaines, elle reste insuffisante pour inverser le rapport de forces. Le&nbsp;<strong>Front uni<\/strong>&nbsp;et les Am\u00e9ricains lancent alors une offensive majeure sur&nbsp;<strong>Mazar-e-Charif<\/strong>&nbsp;dans la nuit du 2 au 3\u202fnovembre. Cette ville, situ\u00e9e au nord du pays, est strat\u00e9gique pour la d\u00e9fense des territoires septentrionaux occup\u00e9s par le Front uni.<\/p>\n\n\n\n<p>Les principales composantes du Front uni sont le&nbsp;<strong>Junbish-e-Milli-yi Islami<\/strong>&nbsp;du g\u00e9n\u00e9ral Abdul\u202fRachid\u202fDostom, le&nbsp;<strong>Jamiat-e\u202fIslami<\/strong>&nbsp;command\u00e9 par Mohammed\u202fUstaf\u202fAttah et le&nbsp;<strong>Hezb-e\u202fWahdat<\/strong>. Appuy\u00e9es par des forces sp\u00e9ciales am\u00e9ricaines, ces unit\u00e9s convergent vers la ville \u00e0 partir de vall\u00e9es situ\u00e9es \u00e0 une quarantaine de kilom\u00e8tres au sud, rendant toute retraite talibane presque impossible.<\/p>\n\n\n\n<p>Malgr\u00e9 la campagne a\u00e9rienne, les Talibans disposent encore de positions fortifi\u00e9es au sud, notamment \u00e0&nbsp;<strong>Bai\u202fBeche<\/strong>&nbsp;(ancien site d\u00e9fensif sovi\u00e9tique) et \u00e0&nbsp;<strong>Aq\u202fKupruk<\/strong>. L\u2019attaque commence par une violente pr\u00e9paration a\u00e9rienne, mais les d\u00e9fenseurs tiennent bon les&nbsp;<strong>3 et 4\u202fnovembre<\/strong>, profitant de leur abri et d\u2019une d\u00e9signation imparfaite des cibles. Leur combativit\u00e9 reste forte.<\/p>\n\n\n\n<p>Le premier succ\u00e8s d\u00e9cisif survient le&nbsp;<strong>5\u202fnovembre<\/strong>, lorsqu\u2019un bombardement am\u00e9ricain et une charge de cavalerie, mal coordonn\u00e9es mais chanceuses, forcent les Talibans \u00e0 abandonner&nbsp;<strong>Bai\u202fBeche<\/strong>. Dostom perce alors les lignes ennemies dans la vall\u00e9e de la&nbsp;<strong>Dariah\u202fBalkh<\/strong>, tandis qu\u2019Attah conquiert&nbsp;<strong>Aq\u202fKupruk<\/strong>&nbsp;le lendemain. Malgr\u00e9 quelques champs de mines et positions d\u2019artillerie, les Talibans doivent se replier. Une nouvelle s\u00e9rie de bombardements de B-52 ouvre la route de la ville, qui tombe le&nbsp;<strong>9\u202fnovembre<\/strong>.<\/p>\n\n\n\n<p>La retraite talibane, d\u00e9sorganis\u00e9e, entra\u00eene l\u2019effondrement du front. Une poche de r\u00e9sistance se forme autour de&nbsp;<strong>Kunduz<\/strong>, o\u00f9 5\u202f000 \u00e0\u202f20\u202f000 hommes, dont de nombreux \u00e9trangers, capitulent le&nbsp;<strong>23\u202fnovembre<\/strong>. Environ 8\u202f000 prisonniers sont captur\u00e9s, beaucoup mourant ensuite \u00e0 la suite de traitements brutaux ou d\u2019ex\u00e9cutions sommaires.<\/p>\n\n\n\n<p>Apr\u00e8s la chute de Mazar-e-Charif, les Talibans battent en retraite vers le sud.&nbsp;<strong>Kaboul<\/strong>&nbsp;tombe sans combat dans la nuit du&nbsp;<strong>13 au\u202f14\u202fnovembre<\/strong>, pr\u00e9c\u00e9d\u00e9e du soul\u00e8vement d\u2019<strong>H\u00e9rat<\/strong>&nbsp;(le\u202f12).&nbsp;<strong>Jalalabad<\/strong>&nbsp;et&nbsp;<strong>Ghazny<\/strong>&nbsp;tombent peu apr\u00e8s, presque sans affrontements. Kandahar reste pourtant un bastion taliban o\u00f9 les Am\u00e9ricains organisent une arm\u00e9e pachtoune alli\u00e9e.<\/p>\n\n\n\n<p>Les derniers combats de grande ampleur \u00e9clatent \u00e0&nbsp;<strong>Tora\u202fBora<\/strong>&nbsp;en d\u00e9cembre\u202f2001, suppos\u00e9 repaire d\u2019Oussama\u202fBen\u202fLaden et de combattants \u00e9trangers. L\u2019offensive, appuy\u00e9e par les bombardements, se d\u00e9roule du&nbsp;<strong>12 au\u202f17\u202fd\u00e9cembre<\/strong>, mais la fuite des combattants vers les montagnes emp\u00eache la capture du chef d\u2019Al-Qa\u00efda.<\/p>\n\n\n\n<p>Le&nbsp;<strong>22\u202fnovembre<\/strong>, face \u00e0 l\u2019effondrement du front nord, le mollah\u202fOmar confie le commandement militaire au mollah\u202fAkhtar\u202fOsnani, bas\u00e9 \u00e0&nbsp;<strong>Kandahar<\/strong>. Ses contre-attaques locales \u00e9chouent, et apr\u00e8s encerclement, la ville est remise aux forces de&nbsp;<strong>Hamid\u202fKarza\u00ef<\/strong>&nbsp;et de&nbsp;<strong>Sharza\u00ef<\/strong>&nbsp;le&nbsp;<strong>7\u202fd\u00e9cembre<\/strong>.<\/p>\n\n\n\n<p>La&nbsp;<strong>chute de Mazar-e-Charif<\/strong>, le 9\u202fnovembre\u202f2001, marque ainsi le tournant de la guerre. Cinq semaines apr\u00e8s le d\u00e9but des op\u00e9rations, le r\u00e9gime taliban est renvers\u00e9\u202f: plusieurs milliers de combattants sont tu\u00e9s ou captur\u00e9s, et plus de\u202f3\u202f700\u202fcivils p\u00e9rissent.<\/p>\n\n\n\n<p>D\u00e9but novembre, plusieurs pays (Pays-Bas, Allemagne, Japon) annoncent leur soutien militaire ou financier. L\u2019Australie, d\u00e9j\u00e0 engag\u00e9e depuis octobre via l\u2019<strong>op\u00e9ration\u202fSlipper<\/strong>, retire ses forces sp\u00e9ciales en d\u00e9cembre\u202f2002 avant de les red\u00e9ployer en\u202f2005.<\/p>\n\n\n\n<p>\u00c0 la fin de\u202f2001, apr\u00e8s Kandahar et Tora\u202fBora, les Talibans ont perdu l\u2019essentiel de leurs forces. Ils se r\u00e9fugient dans les montagnes du sud et de l\u2019est, le long de la&nbsp;<strong>ligne\u202fDurand<\/strong>. Ben\u202fLaden est ensuite signal\u00e9 dans la vall\u00e9e pakistanaise de&nbsp;<strong>Shawal<\/strong>. En mars\u202f2002, les derni\u00e8res unit\u00e9s talibanes encore organis\u00e9es sont d\u00e9faites pendant&nbsp;<strong>l\u2019op\u00e9ration\u202fAnaconda<\/strong>.<\/p>\n\n\n\n<p>Selon le journaliste&nbsp;<strong>Lawrence\u202fWright<\/strong>&nbsp;(prix\u202fPulitzer pour&nbsp;<em>The\u202fLooming\u202fTower: Al-Qaida and the Road to\u202f9\/11<\/em>), pr\u00e8s de\u202f80\u202f% des membres d\u2019Al-Qa\u00efda en Afghanistan ont \u00e9t\u00e9 tu\u00e9s au cours de cette premi\u00e8re phase de la guerre, et deux tiers des cadres captur\u00e9s ou \u00e9limin\u00e9s.<\/p>\n\n\n\n<figure class=\"wp-block-image size-full\"><img loading=\"lazy\" decoding=\"async\" width=\"855\" height=\"495\" src=\"http:\/\/rrb.be\/rrb\/wp-content\/uploads\/2026\/02\/membre-dAl-Qaida-tue.jpg\" alt=\"\" class=\"wp-image-3292\" srcset=\"https:\/\/rrb.be\/rrb\/wp-content\/uploads\/2026\/02\/membre-dAl-Qaida-tue.jpg 855w, https:\/\/rrb.be\/rrb\/wp-content\/uploads\/2026\/02\/membre-dAl-Qaida-tue-300x174.jpg 300w, https:\/\/rrb.be\/rrb\/wp-content\/uploads\/2026\/02\/membre-dAl-Qaida-tue-768x445.jpg 768w\" sizes=\"auto, (max-width: 855px) 100vw, 855px\" \/><figcaption class=\"wp-element-caption\">Un haut commandant terroriste \u00e9limin\u00e9<\/figcaption><\/figure>\n\n\n\n<hr class=\"wp-block-separator has-alpha-channel-opacity\"\/>\n\n\n\n<h2 class=\"wp-block-heading\">Victoire \u00e9clair des Talibans en\u202f2021<\/h2>\n\n\n\n<p>Le&nbsp;<strong>14\u202favril\u202f2021<\/strong>, le pr\u00e9sident am\u00e9ricain&nbsp;<strong>Joe\u202fBiden<\/strong>&nbsp;annonce le retrait complet des troupes am\u00e9ricaines d\u2019Afghanistan. Les Talibans profitent du vide pour lancer une offensive g\u00e9n\u00e9ralis\u00e9e\u202f: au&nbsp;<strong>20\u202fjuin<\/strong>, ils contr\u00f4lent 124\u202fdistricts sur\u202f407, puis\u202f157\u202fle\u202f29\u202fjuin.<\/p>\n\n\n\n<p>Le&nbsp;<strong>2\u202fjuillet<\/strong>, les Am\u00e9ricains quittent la base a\u00e9rienne de&nbsp;<strong>Bagram<\/strong>. La progression ennemie s\u2019acc\u00e9l\u00e8re\u202f: 195\u202fdistricts le\u202f5\u202fjuillet, 204\u202fle\u202f9, et\u202f223\u202fau\u202f29.<\/p>\n\n\n\n<p>Le&nbsp;<strong>15\u202fao\u00fbt\u202f2021<\/strong>, les Talibans entrent dans&nbsp;<strong>Kaboul<\/strong>\u202f; le pr\u00e9sident afghan s\u2019enfuit, d\u00e9clarant que \u00ab\u202fles\u202fTalibans ont gagn\u00e9 la guerre\u202f\u00bb. Les images d\u2019\u00e9vacuation de l\u2019ambassade am\u00e9ricaine rappellent celles de&nbsp;<strong>Sa\u00efgon<\/strong>&nbsp;en\u202f1975.<\/p>\n\n\n\n<p>Cette guerre, la plus longue de l\u2019histoire des \u00c9tats-Unis (20\u202fans), fut aussi l\u2019une des plus co\u00fbteuses\u202f: environ&nbsp;<strong>1\u202f000\u202fmilliards\u202fde\u202fdollars<\/strong>. La presse am\u00e9ricaine attribue la responsabilit\u00e9 de la d\u00e9faite \u00e0 Joe\u202fBiden, tout en rappelant celle de ses pr\u00e9d\u00e9cesseurs.<\/p>\n\n\n\n<p>Selon un rapport de&nbsp;<strong>Human\u202fRights\u202fWatch<\/strong>&nbsp;publi\u00e9 en&nbsp;<strong>novembre\u202f2021<\/strong>, les Talibans ont ex\u00e9cut\u00e9 plus de\u202f100\u202fanciens membres des forces de s\u00e9curit\u00e9 afghanes dans les provinces de&nbsp;<strong>Ghazni<\/strong>,&nbsp;<strong>Helmand<\/strong>,&nbsp;<strong>Kandahar<\/strong>&nbsp;et&nbsp;<strong>Kunduz<\/strong>, souvent peu apr\u00e8s avoir promis leur amnistie.<\/p>\n\n\n\n<hr class=\"wp-block-separator has-alpha-channel-opacity\"\/>\n\n\n\n<h2 class=\"wp-block-heading\">Le retour du terrorisme dans le monde<\/h2>\n\n\n\n<p>L\u2019OTAN a d\u00e9ploy\u00e9 des moyens colossaux en hommes et en mat\u00e9riel contre les Talibans et l\u2019\u00c9tat islamique, sacrifiant plus de 73\u202f000 vies alli\u00e9es. Mais pour des raisons de basse politique, les \u00c9tats-Unis ont retir\u00e9 leurs troupes d\u2019Afghanistan. R\u00e9sultat\u202f: les Talibans gagnent la guerre et reprennent le pouvoir. Les femmes sont \u00e0 nouveau victimes de la r\u00e9pression, les terroristes se r\u00e9organisent, s\u2019arment et commettent de nouveaux attentats \u00e0 travers le monde. Vingt ann\u00e9es de guerre pour, in fine, revenir \u00e0 la case d\u00e9part.<\/p>\n\n\n\n<p>Nous vivons d\u00e9sormais une \u00e9poque o\u00f9 il nous faut apprendre \u00e0 cohabiter avec cette r\u00e9alit\u00e9. Ils continueront \u00e0 s\u2019en prendre \u00e0 notre mod\u00e8le de vie. Notre meilleure arme reste les services de renseignement, qui d\u00e9jouent r\u00e9guli\u00e8rement des attentats. Mais notre soci\u00e9t\u00e9 demeure menac\u00e9e, ils continueront \u00e0 essayer d&rsquo;\u00e9liminer tous ceux qui ne se soumettront pas \u00e0 l&rsquo;islamisme, et ce, pour les d\u00e9cennies \u00e0 venir.<\/p>\n\n\n\n<p>Par Alain Schenkels<\/p>\n\n\n\n<figure data-wp-context=\"{&quot;imageId&quot;:&quot;69f0c987ef2f3&quot;}\" data-wp-interactive=\"core\/image\" data-wp-key=\"69f0c987ef2f3\" class=\"wp-block-image size-full is-resized wp-lightbox-container\"><img loading=\"lazy\" decoding=\"async\" width=\"412\" height=\"421\" data-wp-class--hide=\"state.isContentHidden\" data-wp-class--show=\"state.isContentVisible\" data-wp-init=\"callbacks.setButtonStyles\" data-wp-on--click=\"actions.showLightbox\" data-wp-on--load=\"callbacks.setButtonStyles\" data-wp-on-window--resize=\"callbacks.setButtonStyles\" src=\"http:\/\/rrb.be\/rrb\/wp-content\/uploads\/2026\/01\/Alain-Schenkels-rond.png\" alt=\"\" class=\"wp-image-2009\" style=\"width:216px;height:auto\" srcset=\"https:\/\/rrb.be\/rrb\/wp-content\/uploads\/2026\/01\/Alain-Schenkels-rond.png 412w, https:\/\/rrb.be\/rrb\/wp-content\/uploads\/2026\/01\/Alain-Schenkels-rond-294x300.png 294w\" sizes=\"auto, (max-width: 412px) 100vw, 412px\" \/><button\n\t\t\tclass=\"lightbox-trigger\"\n\t\t\ttype=\"button\"\n\t\t\taria-haspopup=\"dialog\"\n\t\t\taria-label=\"Enlarge\"\n\t\t\tdata-wp-init=\"callbacks.initTriggerButton\"\n\t\t\tdata-wp-on--click=\"actions.showLightbox\"\n\t\t\tdata-wp-style--right=\"state.imageButtonRight\"\n\t\t\tdata-wp-style--top=\"state.imageButtonTop\"\n\t\t>\n\t\t\t<svg xmlns=\"http:\/\/www.w3.org\/2000\/svg\" width=\"12\" height=\"12\" fill=\"none\" viewBox=\"0 0 12 12\">\n\t\t\t\t<path fill=\"#fff\" d=\"M2 0a2 2 0 0 0-2 2v2h1.5V2a.5.5 0 0 1 .5-.5h2V0H2Zm2 10.5H2a.5.5 0 0 1-.5-.5V8H0v2a2 2 0 0 0 2 2h2v-1.5ZM8 12v-1.5h2a.5.5 0 0 0 .5-.5V8H12v2a2 2 0 0 1-2 2H8Zm2-12a2 2 0 0 1 2 2v2h-1.5V2a.5.5 0 0 0-.5-.5H8V0h2Z\" \/>\n\t\t\t<\/svg>\n\t\t<\/button><\/figure>\n\n\n\n<p>(Photo ent\u00eate : ArmyAmber)<\/p>\n\n\n\n<p><\/p>\n","protected":false},"excerpt":{"rendered":"<p>Cette guerre, qui co\u00fbta la vie \u00e0 73\u202f000 soldats alli\u00e9s, aboutit finalement \u00e0 l\u2019abandon de la lutte contre le terrorisme et au retour au pouvoir des Talibans. L\u2019offensive anglo-am\u00e9ricaine d\u00e9bute le&nbsp;7 octobre 2001&nbsp;par une s\u00e9rie de bombardements a\u00e9riens et de tirs de missiles de croisi\u00e8re, tandis que des troupes des forces sp\u00e9ciales am\u00e9ricaines entrent en [&hellip;]<\/p>\n","protected":false},"author":1,"featured_media":3288,"parent":0,"menu_order":0,"comment_status":"closed","ping_status":"open","template":"","meta":{"footnotes":""},"categories":[12,42,35],"tags":[],"class_list":["post-3286","page","type-page","status-publish","has-post-thumbnail","hentry","category-dossier","category-guerre-dafghanistan-2001-2021","category-islamisme"],"_links":{"self":[{"href":"https:\/\/rrb.be\/rrb\/wp-json\/wp\/v2\/pages\/3286","targetHints":{"allow":["GET"]}}],"collection":[{"href":"https:\/\/rrb.be\/rrb\/wp-json\/wp\/v2\/pages"}],"about":[{"href":"https:\/\/rrb.be\/rrb\/wp-json\/wp\/v2\/types\/page"}],"author":[{"embeddable":true,"href":"https:\/\/rrb.be\/rrb\/wp-json\/wp\/v2\/users\/1"}],"replies":[{"embeddable":true,"href":"https:\/\/rrb.be\/rrb\/wp-json\/wp\/v2\/comments?post=3286"}],"version-history":[{"count":13,"href":"https:\/\/rrb.be\/rrb\/wp-json\/wp\/v2\/pages\/3286\/revisions"}],"predecessor-version":[{"id":3743,"href":"https:\/\/rrb.be\/rrb\/wp-json\/wp\/v2\/pages\/3286\/revisions\/3743"}],"wp:featuredmedia":[{"embeddable":true,"href":"https:\/\/rrb.be\/rrb\/wp-json\/wp\/v2\/media\/3288"}],"wp:attachment":[{"href":"https:\/\/rrb.be\/rrb\/wp-json\/wp\/v2\/media?parent=3286"}],"wp:term":[{"taxonomy":"category","embeddable":true,"href":"https:\/\/rrb.be\/rrb\/wp-json\/wp\/v2\/categories?post=3286"},{"taxonomy":"post_tag","embeddable":true,"href":"https:\/\/rrb.be\/rrb\/wp-json\/wp\/v2\/tags?post=3286"}],"curies":[{"name":"wp","href":"https:\/\/api.w.org\/{rel}","templated":true}]}}