{"id":2014,"date":"2026-01-18T09:44:31","date_gmt":"2026-01-18T09:44:31","guid":{"rendered":"https:\/\/rrb.be\/rrb\/?page_id=2014"},"modified":"2026-04-28T16:41:09","modified_gmt":"2026-04-28T16:41:09","slug":"le-patriotisme-un-heritage-que-je-porte-fierement-dans-mon-coeur","status":"publish","type":"page","link":"https:\/\/rrb.be\/rrb\/le-patriotisme-un-heritage-que-je-porte-fierement-dans-mon-coeur\/","title":{"rendered":"Le patriotisme, un h\u00e9ritage que je porte fi\u00e8rement dans mon c\u0153ur"},"content":{"rendered":"\n<h2 class=\"wp-block-heading\">Hommage \u00e0 mes anc\u00eatres et \u00e0 la Belgique<\/h2>\n\n\n\n<p>Le patriotisme n\u2019est pas un sentiment d\u00e9mod\u00e9, c\u2019est un h\u00e9ritage que je porte fi\u00e8rement dans mon c\u0153ur. Cet h\u00e9ritage me vient de mes anc\u00eatres, ces hommes et ces femmes courageux qui ont donn\u00e9 leur vie pour d\u00e9fendre la Belgique, sa libert\u00e9 et sa d\u00e9mocratie. Je pense \u00e0 eux aujourd\u2019hui, \u00e0 leur bravoure face \u00e0 l\u2019adversit\u00e9, \u00e0 leur sacrifice pour un avenir meilleur. Ils se sont battus sans rel\u00e2che, anim\u00e9s par un amour profond pour leur pays et un d\u00e9sir ardent de prot\u00e9ger ses valeurs fondamentales.<\/p>\n\n\n\n<p>Leur sang vers\u00e9 a nourri la terre belge, et leur esprit continue d\u2019inspirer les g\u00e9n\u00e9rations futures. C\u2019est gr\u00e2ce \u00e0 eux que nous pouvons aujourd\u2019hui vivre dans un pays libre et d\u00e9mocratique, o\u00f9 les droits de l\u2019homme sont respect\u00e9s et o\u00f9 chacun a la possibilit\u00e9 de s\u2019\u00e9panouir. Je pense aussi \u00e0 quelques illustres a\u00efeux qui ont permis \u00e0 la Belgique d\u2019exister.<\/p>\n\n\n\n<h2 class=\"wp-block-heading\">Un h\u00e9ritage \u00e0 perp\u00e9tuer<\/h2>\n\n\n\n<p>Mon patriotisme n\u2019est pas aveugle. Je suis conscient des d\u00e9fis auxquels notre pays est confront\u00e9, des injustices qui persistent et des in\u00e9galit\u00e9s qui subsistent. Mais je suis \u00e9galement convaincu que nous avons les ressources et la d\u00e9termination n\u00e9cessaires pour surmonter ces obstacles et b\u00e2tir un avenir encore meilleur pour la Belgique.<\/p>\n\n\n\n<p>Je m\u2019engage \u00e0 perp\u00e9tuer l\u2019h\u00e9ritage de mes anc\u00eatres en d\u00e9fendant les valeurs qui leur \u00e9taient ch\u00e8res : la libert\u00e9, la d\u00e9mocratie, la justice et l\u2019\u00e9galit\u00e9. Je m\u2019engage \u00e0 \u0153uvrer pour un pays plus uni, plus solidaire et plus prosp\u00e8re, o\u00f9 chacun se sente fier d\u2019\u00eatre belge.<\/p>\n\n\n\n<h3 class=\"wp-block-heading\">\u00catre patriote, c\u2019est\u2026<\/h3>\n\n\n\n<ul class=\"wp-block-list\">\n<li>Honorer la m\u00e9moire de ceux qui m\u2019ont pr\u00e9c\u00e9d\u00e9 et reconna\u00eetre leur contribution \u00e0 l\u2019histoire de mon pays&nbsp;;<\/li>\n\n\n\n<li>Aimer mon pays avec ses qualit\u00e9s et d\u00e9fauts et m\u2019engager \u00e0 le rendre meilleur&nbsp;;<\/li>\n\n\n\n<li>Assumer mon devoir de citoyen en cas de menace ext\u00e9rieure, \u00eatre pr\u00eat \u00e0 d\u00e9fendre ma patrie, par les armes si n\u00e9cessaire, en tant que militaire ou civil, contre tout ennemi qui chercherait \u00e0 le menacer&nbsp;;<\/li>\n\n\n\n<li>\u00catre fier de mon identit\u00e9 belge et royaliste, de la richesse de notre culture, de notre patrimoine et de notre histoire monarchique&nbsp;;<\/li>\n\n\n\n<li>Respecter les valeurs fondamentales de la Belgique, telles que la libert\u00e9, la d\u00e9mocratie, la justice, l\u2019\u00e9galit\u00e9 et les traditions\u00a0;<\/li>\n\n\n\n<li>M\u2019engager pour l\u2019avenir du pays et contribuer \u00e0 son d\u00e9veloppement positif.<\/li>\n<\/ul>\n\n\n\n<iframe loading=\"lazy\" width=\"560\" height=\"315\" src=\"https:\/\/www.youtube.com\/embed\/d9u_Ituu2Q8?si=Ln4GN-hIIp-bEGT-\" title=\"YouTube video player\" frameborder=\"0\" allow=\"accelerometer; autoplay; clipboard-write; encrypted-media; gyroscope; picture-in-picture; web-share\" referrerpolicy=\"strict-origin-when-cross-origin\" allowfullscreen><\/iframe>\n\n\n\n<figure class=\"wp-block-gallery has-nested-images columns-default is-cropped wp-block-gallery-1 is-layout-flex wp-block-gallery-is-layout-flex\">\n<figure data-wp-context=\"{&quot;imageId&quot;:&quot;69f0ed59002eb&quot;}\" data-wp-interactive=\"core\/image\" data-wp-key=\"69f0ed59002eb\" class=\"wp-block-image size-large wp-lightbox-container\"><img loading=\"lazy\" decoding=\"async\" width=\"1024\" height=\"769\" data-wp-class--hide=\"state.isContentHidden\" data-wp-class--show=\"state.isContentVisible\" data-wp-init=\"callbacks.setButtonStyles\" data-wp-on--click=\"actions.showLightbox\" data-wp-on--load=\"callbacks.setButtonStyles\" data-wp-on-window--resize=\"callbacks.setButtonStyles\" data-id=\"141\" src=\"https:\/\/rrb.be\/rrb\/wp-content\/uploads\/2025\/12\/Fete-nationale-2025-3-1-1024x769.jpg\" alt=\"\" class=\"wp-image-141\" srcset=\"https:\/\/rrb.be\/rrb\/wp-content\/uploads\/2025\/12\/Fete-nationale-2025-3-1-1024x769.jpg 1024w, https:\/\/rrb.be\/rrb\/wp-content\/uploads\/2025\/12\/Fete-nationale-2025-3-1-300x225.jpg 300w, https:\/\/rrb.be\/rrb\/wp-content\/uploads\/2025\/12\/Fete-nationale-2025-3-1-768x576.jpg 768w, https:\/\/rrb.be\/rrb\/wp-content\/uploads\/2025\/12\/Fete-nationale-2025-3-1-1536x1153.jpg 1536w, https:\/\/rrb.be\/rrb\/wp-content\/uploads\/2025\/12\/Fete-nationale-2025-3-1.jpg 1600w\" sizes=\"auto, (max-width: 1024px) 100vw, 1024px\" \/><button\n\t\t\tclass=\"lightbox-trigger\"\n\t\t\ttype=\"button\"\n\t\t\taria-haspopup=\"dialog\"\n\t\t\taria-label=\"Enlarge\"\n\t\t\tdata-wp-init=\"callbacks.initTriggerButton\"\n\t\t\tdata-wp-on--click=\"actions.showLightbox\"\n\t\t\tdata-wp-style--right=\"state.imageButtonRight\"\n\t\t\tdata-wp-style--top=\"state.imageButtonTop\"\n\t\t>\n\t\t\t<svg xmlns=\"http:\/\/www.w3.org\/2000\/svg\" width=\"12\" height=\"12\" fill=\"none\" viewBox=\"0 0 12 12\">\n\t\t\t\t<path fill=\"#fff\" d=\"M2 0a2 2 0 0 0-2 2v2h1.5V2a.5.5 0 0 1 .5-.5h2V0H2Zm2 10.5H2a.5.5 0 0 1-.5-.5V8H0v2a2 2 0 0 0 2 2h2v-1.5ZM8 12v-1.5h2a.5.5 0 0 0 .5-.5V8H12v2a2 2 0 0 1-2 2H8Zm2-12a2 2 0 0 1 2 2v2h-1.5V2a.5.5 0 0 0-.5-.5H8V0h2Z\" \/>\n\t\t\t<\/svg>\n\t\t<\/button><\/figure>\n\n\n\n<figure data-wp-context=\"{&quot;imageId&quot;:&quot;69f0ed590078c&quot;}\" data-wp-interactive=\"core\/image\" data-wp-key=\"69f0ed590078c\" class=\"wp-block-image size-large wp-lightbox-container\"><img loading=\"lazy\" decoding=\"async\" width=\"1024\" height=\"769\" data-wp-class--hide=\"state.isContentHidden\" data-wp-class--show=\"state.isContentVisible\" data-wp-init=\"callbacks.setButtonStyles\" data-wp-on--click=\"actions.showLightbox\" data-wp-on--load=\"callbacks.setButtonStyles\" data-wp-on-window--resize=\"callbacks.setButtonStyles\" data-id=\"138\" src=\"https:\/\/rrb.be\/rrb\/wp-content\/uploads\/2025\/12\/Fete-nationale-2025-12-1024x769.jpg\" alt=\"\" class=\"wp-image-138\" srcset=\"https:\/\/rrb.be\/rrb\/wp-content\/uploads\/2025\/12\/Fete-nationale-2025-12-1024x769.jpg 1024w, https:\/\/rrb.be\/rrb\/wp-content\/uploads\/2025\/12\/Fete-nationale-2025-12-300x225.jpg 300w, https:\/\/rrb.be\/rrb\/wp-content\/uploads\/2025\/12\/Fete-nationale-2025-12-768x576.jpg 768w, https:\/\/rrb.be\/rrb\/wp-content\/uploads\/2025\/12\/Fete-nationale-2025-12-1536x1153.jpg 1536w, https:\/\/rrb.be\/rrb\/wp-content\/uploads\/2025\/12\/Fete-nationale-2025-12.jpg 1600w\" sizes=\"auto, (max-width: 1024px) 100vw, 1024px\" \/><button\n\t\t\tclass=\"lightbox-trigger\"\n\t\t\ttype=\"button\"\n\t\t\taria-haspopup=\"dialog\"\n\t\t\taria-label=\"Enlarge\"\n\t\t\tdata-wp-init=\"callbacks.initTriggerButton\"\n\t\t\tdata-wp-on--click=\"actions.showLightbox\"\n\t\t\tdata-wp-style--right=\"state.imageButtonRight\"\n\t\t\tdata-wp-style--top=\"state.imageButtonTop\"\n\t\t>\n\t\t\t<svg xmlns=\"http:\/\/www.w3.org\/2000\/svg\" width=\"12\" height=\"12\" fill=\"none\" viewBox=\"0 0 12 12\">\n\t\t\t\t<path fill=\"#fff\" d=\"M2 0a2 2 0 0 0-2 2v2h1.5V2a.5.5 0 0 1 .5-.5h2V0H2Zm2 10.5H2a.5.5 0 0 1-.5-.5V8H0v2a2 2 0 0 0 2 2h2v-1.5ZM8 12v-1.5h2a.5.5 0 0 0 .5-.5V8H12v2a2 2 0 0 1-2 2H8Zm2-12a2 2 0 0 1 2 2v2h-1.5V2a.5.5 0 0 0-.5-.5H8V0h2Z\" \/>\n\t\t\t<\/svg>\n\t\t<\/button><\/figure>\n<\/figure>\n\n\n\n<hr class=\"wp-block-separator has-alpha-channel-opacity\"\/>\n\n\n\n<p>Par Alain Schenkels<\/p>\n\n\n\n<figure class=\"wp-block-image size-large is-resized\"><img loading=\"lazy\" decoding=\"async\" width=\"769\" height=\"1024\" src=\"https:\/\/rrb.be\/rrb\/wp-content\/uploads\/2026\/01\/PXL_20250721_112730283-769x1024.jpg\" alt=\"\" class=\"wp-image-2015\" style=\"aspect-ratio:0.7510058113544926;width:474px;height:auto\" srcset=\"https:\/\/rrb.be\/rrb\/wp-content\/uploads\/2026\/01\/PXL_20250721_112730283-769x1024.jpg 769w, https:\/\/rrb.be\/rrb\/wp-content\/uploads\/2026\/01\/PXL_20250721_112730283-225x300.jpg 225w, https:\/\/rrb.be\/rrb\/wp-content\/uploads\/2026\/01\/PXL_20250721_112730283-768x1023.jpg 768w, https:\/\/rrb.be\/rrb\/wp-content\/uploads\/2026\/01\/PXL_20250721_112730283-1153x1536.jpg 1153w, https:\/\/rrb.be\/rrb\/wp-content\/uploads\/2026\/01\/PXL_20250721_112730283-1538x2048.jpg 1538w, https:\/\/rrb.be\/rrb\/wp-content\/uploads\/2026\/01\/PXL_20250721_112730283-scaled.jpg 1922w\" sizes=\"auto, (max-width: 769px) 100vw, 769px\" \/><\/figure>\n","protected":false},"excerpt":{"rendered":"<p>Hommage \u00e0 mes anc\u00eatres et \u00e0 la Belgique Le patriotisme n\u2019est pas un sentiment d\u00e9mod\u00e9, c\u2019est un h\u00e9ritage que je porte fi\u00e8rement dans mon c\u0153ur. Cet h\u00e9ritage me vient de mes anc\u00eatres, ces hommes et ces femmes courageux qui ont donn\u00e9 leur vie pour d\u00e9fendre la Belgique, sa libert\u00e9 et sa d\u00e9mocratie. Je pense \u00e0 [&hellip;]<\/p>\n","protected":false},"author":1,"featured_media":163,"parent":0,"menu_order":0,"comment_status":"closed","ping_status":"closed","template":"","meta":{"footnotes":""},"categories":[],"tags":[],"class_list":["post-2014","page","type-page","status-publish","has-post-thumbnail","hentry"],"_links":{"self":[{"href":"https:\/\/rrb.be\/rrb\/wp-json\/wp\/v2\/pages\/2014","targetHints":{"allow":["GET"]}}],"collection":[{"href":"https:\/\/rrb.be\/rrb\/wp-json\/wp\/v2\/pages"}],"about":[{"href":"https:\/\/rrb.be\/rrb\/wp-json\/wp\/v2\/types\/page"}],"author":[{"embeddable":true,"href":"https:\/\/rrb.be\/rrb\/wp-json\/wp\/v2\/users\/1"}],"replies":[{"embeddable":true,"href":"https:\/\/rrb.be\/rrb\/wp-json\/wp\/v2\/comments?post=2014"}],"version-history":[{"count":6,"href":"https:\/\/rrb.be\/rrb\/wp-json\/wp\/v2\/pages\/2014\/revisions"}],"predecessor-version":[{"id":3754,"href":"https:\/\/rrb.be\/rrb\/wp-json\/wp\/v2\/pages\/2014\/revisions\/3754"}],"wp:featuredmedia":[{"embeddable":true,"href":"https:\/\/rrb.be\/rrb\/wp-json\/wp\/v2\/media\/163"}],"wp:attachment":[{"href":"https:\/\/rrb.be\/rrb\/wp-json\/wp\/v2\/media?parent=2014"}],"wp:term":[{"taxonomy":"category","embeddable":true,"href":"https:\/\/rrb.be\/rrb\/wp-json\/wp\/v2\/categories?post=2014"},{"taxonomy":"post_tag","embeddable":true,"href":"https:\/\/rrb.be\/rrb\/wp-json\/wp\/v2\/tags?post=2014"}],"curies":[{"name":"wp","href":"https:\/\/api.w.org\/{rel}","templated":true}]}}